{"id":161,"date":"2021-07-27T15:22:47","date_gmt":"2021-07-27T15:22:47","guid":{"rendered":"https:\/\/bodrum-yalikavak-mgallery.accorv2prod.decms.eu\/?page_id=161"},"modified":"2021-08-10T09:29:56","modified_gmt":"2021-08-10T09:29:56","slug":"plaj-havuz","status":"publish","type":"page","link":"https:\/\/www.mgallerybodrum.com\/tr\/plaj-havuz\/","title":{"rendered":"Plaj &#038; Havuz"},"content":{"rendered":"<p>Sakl\u0131 bir cenneti ya\u015fayaca\u011f\u0131n\u0131z plaj\u0131m\u0131z, K\u00fcd\u00fcr koyunun muhte\u015fem renkleri ile sizi misafir edecek. Kumda yapaca\u011f\u0131n\u0131z y\u00fcr\u00fcy\u00fc\u015fler, benzersiz g\u00fcnbat\u0131m\u0131 ile Ege denizinin kokusunu i\u00e7inize \u00e7ekece\u011finiz b\u00fcy\u00fcl\u00fc anlar sizi bekliyor. Otelimizin plaj\u0131na zemin kattan ulas\u0327\u0131m sag\u0306lanmaktad\u0131r. Havuzumuz ise 4. Katta, Bohemy Restaurant\u2019\u0131n o\u0308nu\u0308nde yer almaktad\u0131r. <\/p>\n","protected":false},"excerpt":{"rendered":"<p>Sakl\u0131 bir cenneti ya\u015fayaca\u011f\u0131n\u0131z plaj\u0131m\u0131z, K\u00fcd\u00fcr koyunun muhte\u015fem renkleri ile sizi misafir edecek. Kumda yapaca\u011f\u0131n\u0131z y\u00fcr\u00fcy\u00fc\u015fler, benzersiz g\u00fcnbat\u0131m\u0131 ile Ege denizinin kokusunu i\u00e7inize \u00e7ekece\u011finiz b\u00fcy\u00fcl\u00fc anlar sizi bekliyor. Otelimizin plaj\u0131na zemin kattan ulas\u0327\u0131m sag\u0306lanmaktad\u0131r. Havuzumuz ise 4. Katta, Bohemy Restaurant\u2019\u0131n o\u0308nu\u0308nde yer almaktad\u0131r.<\/p>\n","protected":false},"author":5,"featured_media":248,"parent":0,"menu_order":37,"comment_status":"closed","ping_status":"closed","template":"","meta":{"footnotes":""},"categories":[],"class_list":["post-161","page","type-page","status-publish","has-post-thumbnail","hentry"],"acf":[],"yoast_head":"<!-- This site is optimized with the Yoast SEO plugin v26.9 - https:\/\/yoast.com\/product\/yoast-seo-wordpress\/ -->\n<title>Plaj &amp; Havuz - MGallery Bodrum Yal\u0131kavak<\/title>\n<meta name=\"description\" content=\"Kumda yapaca\u011f\u0131n\u0131z y\u00fcr\u00fcy\u00fc\u015fler, benzersiz g\u00fcnbat\u0131m\u0131 ile Ege denizinin kokusunu i\u00e7inize \u00e7ekece\u011finiz b\u00fcy\u00fcl\u00fc anlar sizi bekliyor. Sakl\u0131 bir cenneti ya\u015fayaca\u011f\u0131n\u0131z plaj\u0131m\u0131z, K\u00fcd\u00fcr koyunun muhte\u015fem renkleri ile sizi misafir edecek.\" \/>\n<meta name=\"robots\" content=\"index, follow, max-snippet:-1, max-image-preview:large, max-video-preview:-1\" \/>\n<link rel=\"canonical\" href=\"https:\/\/www.mgallerybodrum.com\/tr\/plaj-havuz\/\" \/>\n<meta property=\"og:locale\" content=\"tr_TR\" \/>\n<meta property=\"og:type\" content=\"article\" \/>\n<meta property=\"og:title\" content=\"Plaj &amp; Havuz - MGallery Bodrum Yal\u0131kavak\" \/>\n<meta property=\"og:description\" content=\"Kumda yapaca\u011f\u0131n\u0131z y\u00fcr\u00fcy\u00fc\u015fler, benzersiz g\u00fcnbat\u0131m\u0131 ile Ege denizinin kokusunu i\u00e7inize \u00e7ekece\u011finiz b\u00fcy\u00fcl\u00fc anlar sizi bekliyor. Sakl\u0131 bir cenneti ya\u015fayaca\u011f\u0131n\u0131z plaj\u0131m\u0131z, K\u00fcd\u00fcr koyunun muhte\u015fem renkleri ile sizi misafir edecek.\" \/>\n<meta property=\"og:url\" content=\"https:\/\/www.mgallerybodrum.com\/tr\/plaj-havuz\/\" \/>\n<meta property=\"og:site_name\" content=\"MGallery Bodrum Yal\u0131kavak\" \/>\n<meta property=\"article:modified_time\" content=\"2021-08-10T09:29:56+00:00\" \/>\n<meta name=\"twitter:card\" content=\"summary_large_image\" \/>\n<script type=\"application\/ld+json\" class=\"yoast-schema-graph\">{\"@context\":\"https:\/\/schema.org\",\"@graph\":[{\"@type\":\"WebPage\",\"@id\":\"https:\/\/www.mgallerybodrum.com\/tr\/plaj-havuz\/\",\"url\":\"https:\/\/www.mgallerybodrum.com\/tr\/plaj-havuz\/\",\"name\":\"Plaj & Havuz - MGallery Bodrum Yal\u0131kavak\",\"isPartOf\":{\"@id\":\"https:\/\/www.mgallerybodrum.com\/tr\/#website\"},\"primaryImageOfPage\":{\"@id\":\"https:\/\/www.mgallerybodrum.com\/tr\/plaj-havuz\/#primaryimage\"},\"image\":{\"@id\":\"https:\/\/www.mgallerybodrum.com\/tr\/plaj-havuz\/#primaryimage\"},\"thumbnailUrl\":\"https:\/\/www.mgallerybodrum.com\/wp-content\/uploads\/sites\/4\/2021\/08\/MGallery-Bodrum-Yalikavak-slide-2.jpg\",\"datePublished\":\"2021-07-27T15:22:47+00:00\",\"dateModified\":\"2021-08-10T09:29:56+00:00\",\"description\":\"Kumda yapaca\u011f\u0131n\u0131z y\u00fcr\u00fcy\u00fc\u015fler, benzersiz g\u00fcnbat\u0131m\u0131 ile Ege denizinin kokusunu i\u00e7inize \u00e7ekece\u011finiz b\u00fcy\u00fcl\u00fc anlar sizi bekliyor. Sakl\u0131 bir cenneti ya\u015fayaca\u011f\u0131n\u0131z plaj\u0131m\u0131z, K\u00fcd\u00fcr koyunun muhte\u015fem renkleri ile sizi misafir edecek.\",\"breadcrumb\":{\"@id\":\"https:\/\/www.mgallerybodrum.com\/tr\/plaj-havuz\/#breadcrumb\"},\"inLanguage\":\"tr\",\"potentialAction\":[{\"@type\":\"ReadAction\",\"target\":[\"https:\/\/www.mgallerybodrum.com\/tr\/plaj-havuz\/\"]}]},{\"@type\":\"ImageObject\",\"inLanguage\":\"tr\",\"@id\":\"https:\/\/www.mgallerybodrum.com\/tr\/plaj-havuz\/#primaryimage\",\"url\":\"https:\/\/www.mgallerybodrum.com\/wp-content\/uploads\/sites\/4\/2021\/08\/MGallery-Bodrum-Yalikavak-slide-2.jpg\",\"contentUrl\":\"https:\/\/www.mgallerybodrum.com\/wp-content\/uploads\/sites\/4\/2021\/08\/MGallery-Bodrum-Yalikavak-slide-2.jpg\",\"width\":1900,\"height\":1093},{\"@type\":\"BreadcrumbList\",\"@id\":\"https:\/\/www.mgallerybodrum.com\/tr\/plaj-havuz\/#breadcrumb\",\"itemListElement\":[{\"@type\":\"ListItem\",\"position\":1,\"name\":\"Home\",\"item\":\"https:\/\/www.mgallerybodrum.com\/tr\/\"},{\"@type\":\"ListItem\",\"position\":2,\"name\":\"Plaj &#038; Havuz\"}]},{\"@type\":\"WebSite\",\"@id\":\"https:\/\/www.mgallerybodrum.com\/tr\/#website\",\"url\":\"https:\/\/www.mgallerybodrum.com\/tr\/\",\"name\":\"MGallery Bodrum Yal\u0131kavak\",\"description\":\"Just another D-Edge Accor V2 Sites Hosting site\",\"potentialAction\":[{\"@type\":\"SearchAction\",\"target\":{\"@type\":\"EntryPoint\",\"urlTemplate\":\"https:\/\/www.mgallerybodrum.com\/tr\/?s={search_term_string}\"},\"query-input\":{\"@type\":\"PropertyValueSpecification\",\"valueRequired\":true,\"valueName\":\"search_term_string\"}}],\"inLanguage\":\"tr\"}]}<\/script>\n<!-- \/ Yoast SEO plugin. -->","yoast_head_json":{"title":"Plaj & Havuz - MGallery Bodrum Yal\u0131kavak","description":"Kumda yapaca\u011f\u0131n\u0131z y\u00fcr\u00fcy\u00fc\u015fler, benzersiz g\u00fcnbat\u0131m\u0131 ile Ege denizinin kokusunu i\u00e7inize \u00e7ekece\u011finiz b\u00fcy\u00fcl\u00fc anlar sizi bekliyor. Sakl\u0131 bir cenneti ya\u015fayaca\u011f\u0131n\u0131z plaj\u0131m\u0131z, K\u00fcd\u00fcr koyunun muhte\u015fem renkleri ile sizi misafir edecek.","robots":{"index":"index","follow":"follow","max-snippet":"max-snippet:-1","max-image-preview":"max-image-preview:large","max-video-preview":"max-video-preview:-1"},"canonical":"https:\/\/www.mgallerybodrum.com\/tr\/plaj-havuz\/","og_locale":"tr_TR","og_type":"article","og_title":"Plaj & Havuz - MGallery Bodrum Yal\u0131kavak","og_description":"Kumda yapaca\u011f\u0131n\u0131z y\u00fcr\u00fcy\u00fc\u015fler, benzersiz g\u00fcnbat\u0131m\u0131 ile Ege denizinin kokusunu i\u00e7inize \u00e7ekece\u011finiz b\u00fcy\u00fcl\u00fc anlar sizi bekliyor. Sakl\u0131 bir cenneti ya\u015fayaca\u011f\u0131n\u0131z plaj\u0131m\u0131z, K\u00fcd\u00fcr koyunun muhte\u015fem renkleri ile sizi misafir edecek.","og_url":"https:\/\/www.mgallerybodrum.com\/tr\/plaj-havuz\/","og_site_name":"MGallery Bodrum Yal\u0131kavak","article_modified_time":"2021-08-10T09:29:56+00:00","twitter_card":"summary_large_image","schema":{"@context":"https:\/\/schema.org","@graph":[{"@type":"WebPage","@id":"https:\/\/www.mgallerybodrum.com\/tr\/plaj-havuz\/","url":"https:\/\/www.mgallerybodrum.com\/tr\/plaj-havuz\/","name":"Plaj & Havuz - MGallery Bodrum Yal\u0131kavak","isPartOf":{"@id":"https:\/\/www.mgallerybodrum.com\/tr\/#website"},"primaryImageOfPage":{"@id":"https:\/\/www.mgallerybodrum.com\/tr\/plaj-havuz\/#primaryimage"},"image":{"@id":"https:\/\/www.mgallerybodrum.com\/tr\/plaj-havuz\/#primaryimage"},"thumbnailUrl":"https:\/\/www.mgallerybodrum.com\/wp-content\/uploads\/sites\/4\/2021\/08\/MGallery-Bodrum-Yalikavak-slide-2.jpg","datePublished":"2021-07-27T15:22:47+00:00","dateModified":"2021-08-10T09:29:56+00:00","description":"Kumda yapaca\u011f\u0131n\u0131z y\u00fcr\u00fcy\u00fc\u015fler, benzersiz g\u00fcnbat\u0131m\u0131 ile Ege denizinin kokusunu i\u00e7inize \u00e7ekece\u011finiz b\u00fcy\u00fcl\u00fc anlar sizi bekliyor. Sakl\u0131 bir cenneti ya\u015fayaca\u011f\u0131n\u0131z plaj\u0131m\u0131z, K\u00fcd\u00fcr koyunun muhte\u015fem renkleri ile sizi misafir edecek.","breadcrumb":{"@id":"https:\/\/www.mgallerybodrum.com\/tr\/plaj-havuz\/#breadcrumb"},"inLanguage":"tr","potentialAction":[{"@type":"ReadAction","target":["https:\/\/www.mgallerybodrum.com\/tr\/plaj-havuz\/"]}]},{"@type":"ImageObject","inLanguage":"tr","@id":"https:\/\/www.mgallerybodrum.com\/tr\/plaj-havuz\/#primaryimage","url":"https:\/\/www.mgallerybodrum.com\/wp-content\/uploads\/sites\/4\/2021\/08\/MGallery-Bodrum-Yalikavak-slide-2.jpg","contentUrl":"https:\/\/www.mgallerybodrum.com\/wp-content\/uploads\/sites\/4\/2021\/08\/MGallery-Bodrum-Yalikavak-slide-2.jpg","width":1900,"height":1093},{"@type":"BreadcrumbList","@id":"https:\/\/www.mgallerybodrum.com\/tr\/plaj-havuz\/#breadcrumb","itemListElement":[{"@type":"ListItem","position":1,"name":"Home","item":"https:\/\/www.mgallerybodrum.com\/tr\/"},{"@type":"ListItem","position":2,"name":"Plaj &#038; Havuz"}]},{"@type":"WebSite","@id":"https:\/\/www.mgallerybodrum.com\/tr\/#website","url":"https:\/\/www.mgallerybodrum.com\/tr\/","name":"MGallery Bodrum Yal\u0131kavak","description":"Just another D-Edge Accor V2 Sites Hosting site","potentialAction":[{"@type":"SearchAction","target":{"@type":"EntryPoint","urlTemplate":"https:\/\/www.mgallerybodrum.com\/tr\/?s={search_term_string}"},"query-input":{"@type":"PropertyValueSpecification","valueRequired":true,"valueName":"search_term_string"}}],"inLanguage":"tr"}]}},"_links":{"self":[{"href":"https:\/\/www.mgallerybodrum.com\/tr\/wp-json\/wp\/v2\/pages\/161","targetHints":{"allow":["GET"]}}],"collection":[{"href":"https:\/\/www.mgallerybodrum.com\/tr\/wp-json\/wp\/v2\/pages"}],"about":[{"href":"https:\/\/www.mgallerybodrum.com\/tr\/wp-json\/wp\/v2\/types\/page"}],"author":[{"embeddable":true,"href":"https:\/\/www.mgallerybodrum.com\/tr\/wp-json\/wp\/v2\/users\/5"}],"replies":[{"embeddable":true,"href":"https:\/\/www.mgallerybodrum.com\/tr\/wp-json\/wp\/v2\/comments?post=161"}],"version-history":[{"count":0,"href":"https:\/\/www.mgallerybodrum.com\/tr\/wp-json\/wp\/v2\/pages\/161\/revisions"}],"wp:featuredmedia":[{"embeddable":true,"href":"https:\/\/www.mgallerybodrum.com\/tr\/wp-json\/wp\/v2\/media\/248"}],"wp:attachment":[{"href":"https:\/\/www.mgallerybodrum.com\/tr\/wp-json\/wp\/v2\/media?parent=161"}],"wp:term":[{"taxonomy":"category","embeddable":true,"href":"https:\/\/www.mgallerybodrum.com\/tr\/wp-json\/wp\/v2\/categories?post=161"}],"curies":[{"name":"wp","href":"https:\/\/api.w.org\/{rel}","templated":true}]}}